{"id":14437,"date":"2025-09-04T12:33:03","date_gmt":"2025-09-04T19:33:03","guid":{"rendered":"https:\/\/news.dream.press\/news\/?post_type=announcement&#038;p=14437"},"modified":"2025-10-10T13:03:50","modified_gmt":"2025-10-10T20:03:50","slug":"wordcamp-us-2025-jour-4-apercus-de-lia-et-un-adieu-chaleureux-fr","status":"publish","type":"announcement","link":"https:\/\/news.dream.press\/news\/fr\/announcements-fr\/wordcamp-us-2025-jour-4-apercus-de-lia-et-un-adieu-chaleureux-fr\/","title":{"rendered":"WordCamp US 2025 Jour 4 : Aper\u00e7us de l&#8217;IA et un Adieu Chaleureux"},"content":{"rendered":"\n<p>Le dernier jour de <strong><a href=\"https:\/\/us.wordcamp.org\/2025\/\">WordCamp US 2025<\/a><\/strong> \u00e0 Portland a \u00e9t\u00e9 marqu\u00e9 par la c\u00e9l\u00e9bration, les personnes et les id\u00e9es. Apr\u00e8s des jours d&#8217;apprentissage, de contribution et de r\u00e9seautage, le quatri\u00e8me jour a moins ressembl\u00e9 \u00e0 une conclusion qu&#8217;\u00e0 un envoi vers le futur de WordPress et une c\u00e9l\u00e9bration continue du Web Ouvert.<\/p>\n\n\n<figure class=\"wp-block-image size-large\"><img loading=\"lazy\" decoding=\"async\" width=\"1024\" height=\"771\" src=\"https:\/\/www.dreamhost.com\/news\/wp-content\/uploads\/2025\/09\/Day-4session-at-WordCamp-US-2025-1024x771.jpg\" alt=\"\" class=\"wp-image-14128\" srcset=\"https:\/\/news.dream.press\/news\/wp-content\/uploads\/2025\/09\/Day-4session-at-WordCamp-US-2025-1024x771.jpg 1024w, https:\/\/news.dream.press\/news\/wp-content\/uploads\/2025\/09\/Day-4session-at-WordCamp-US-2025-300x226.jpg 300w, https:\/\/news.dream.press\/news\/wp-content\/uploads\/2025\/09\/Day-4session-at-WordCamp-US-2025-768x578.jpg 768w, https:\/\/news.dream.press\/news\/wp-content\/uploads\/2025\/09\/Day-4session-at-WordCamp-US-2025-1536x1156.jpg 1536w, https:\/\/news.dream.press\/news\/wp-content\/uploads\/2025\/09\/Day-4session-at-WordCamp-US-2025-2048x1542.jpg 2048w, https:\/\/news.dream.press\/news\/wp-content\/uploads\/2025\/09\/Day-4session-at-WordCamp-US-2025-96x72.jpg 96w, https:\/\/news.dream.press\/news\/wp-content\/uploads\/2025\/09\/Day-4session-at-WordCamp-US-2025-192x145.jpg 192w, https:\/\/news.dream.press\/news\/wp-content\/uploads\/2025\/09\/Day-4session-at-WordCamp-US-2025-682x513.jpg 682w, https:\/\/news.dream.press\/news\/wp-content\/uploads\/2025\/09\/Day-4session-at-WordCamp-US-2025-1364x1027.jpg 1364w, https:\/\/news.dream.press\/news\/wp-content\/uploads\/2025\/09\/Day-4session-at-WordCamp-US-2025-512x385.jpg 512w, https:\/\/news.dream.press\/news\/wp-content\/uploads\/2025\/09\/Day-4session-at-WordCamp-US-2025-540x407.jpg 540w, https:\/\/news.dream.press\/news\/wp-content\/uploads\/2025\/09\/Day-4session-at-WordCamp-US-2025-1080x813.jpg 1080w, https:\/\/news.dream.press\/news\/wp-content\/uploads\/2025\/09\/Day-4session-at-WordCamp-US-2025-877x660.jpg 877w, https:\/\/news.dream.press\/news\/wp-content\/uploads\/2025\/09\/Day-4session-at-WordCamp-US-2025-1754x1320.jpg 1754w, https:\/\/news.dream.press\/news\/wp-content\/uploads\/2025\/09\/Day-4session-at-WordCamp-US-2025-784x590.jpg 784w, https:\/\/news.dream.press\/news\/wp-content\/uploads\/2025\/09\/Day-4session-at-WordCamp-US-2025-1568x1180.jpg 1568w, https:\/\/news.dream.press\/news\/wp-content\/uploads\/2025\/09\/Day-4session-at-WordCamp-US-2025-1598x1203.jpg 1598w, https:\/\/news.dream.press\/news\/wp-content\/uploads\/2025\/09\/Day-4session-at-WordCamp-US-2025-460x346.jpg 460w, https:\/\/news.dream.press\/news\/wp-content\/uploads\/2025\/09\/Day-4session-at-WordCamp-US-2025-920x693.jpg 920w\" sizes=\"auto, (max-width: 1024px) 100vw, 1024px\" \/><\/figure>\n\n\n<h2 class=\"wp-block-heading\"><strong>Sessions, Aper\u00e7us de L&#8217;Expo et Innovation Pratique<\/strong><\/h2>\n\n\n<p>Le quatri\u00e8me jour a \u00e9t\u00e9 rempli de petites d\u00e9couvertes significatives. <strong>Tom Dumenjich<\/strong>, entrepreneur ind\u00e9pendant pour la fondation \u00e0 but non lucratif Delta Rising Foundation, participant \u00e0 son quatri\u00e8me WordCamp, a \u00e9t\u00e9 frapp\u00e9 par les mani\u00e8res dont l&#8217;IA est directement appliqu\u00e9e au sein des plateformes d&#8217;h\u00e9bergement.<\/p>\n\n\n<p>\u00ab J&#8217;aime les discussions sur la mani\u00e8re dont l&#8217;IA est int\u00e9gr\u00e9e dans les plateformes d&#8217;h\u00e9bergement, \u00bb a-t-il dit. \u00ab Elle peut te rappeler si ton domaine expire ou s&#8217;il y a une erreur DNS. \u00bb<\/p>\n\n\n<p>C&#8217;\u00e9tait un rappel que l&#8217;innovation ne concerne pas seulement les fonctionnalit\u00e9s spectaculaires, elle vise \u00e0 r\u00e9soudre de vrais probl\u00e8mes pour les utilisateurs quotidiens de WordPress.<\/p>\n\n\n<p>Ailleurs, le hall d&#8217;exposition bourdonnait d&#8217;\u00e9nergie. Le consultant, <strong>Marc Gratch, <\/strong> a simplement d\u00e9crit l&#8217;ambiance de vendredi, \u00ab Tout le monde est excit\u00e9, tout le monde veut partager ce sur quoi il travaille. C\u2019est une ambiance amusante. \u00bb<\/p>\n\n\n<p>Pour <strong>Cat O\u2019Grady<\/strong> d&#8217;Automattic, l&#8217;inspiration est venue d&#8217;une conf\u00e9rence inattendue sur l&#8217;IA et la m\u00e9decine. \u00ab Ils ont beaucoup parl\u00e9 d&#8217;utiliser des jeux vid\u00e9o pour aider au d\u00e9veloppement neural et au traitement, et j&#8217;ai trouv\u00e9 cela tellement cool et int\u00e9ressant, \u00bb a-t-elle dit. \u00ab Je vais mettre \u00e0 jour mon site personnel tout de suite et le rendre tellement plus cool, juste raviver tout. \u00bb<\/p>\n\n\n<p>Son enthousiasme refl\u00e9tait le th\u00e8me principal de la journ\u00e9e : apprendre quelque chose de nouveau et l&#8217;appliquer imm\u00e9diatement pour am\u00e9liorer l&#8217;utilisation de WordPress.<\/p>\n\n\n<figure class=\"wp-block-image size-large\"><img loading=\"lazy\" decoding=\"async\" width=\"1024\" height=\"836\" src=\"https:\/\/www.dreamhost.com\/news\/wp-content\/uploads\/2025\/09\/Foosball-competition-in-Exhibit-Hall-1024x836.jpg\" alt=\"\" class=\"wp-image-14129\" srcset=\"https:\/\/news.dream.press\/news\/wp-content\/uploads\/2025\/09\/Foosball-competition-in-Exhibit-Hall-1024x836.jpg 1024w, https:\/\/news.dream.press\/news\/wp-content\/uploads\/2025\/09\/Foosball-competition-in-Exhibit-Hall-300x245.jpg 300w, https:\/\/news.dream.press\/news\/wp-content\/uploads\/2025\/09\/Foosball-competition-in-Exhibit-Hall-768x627.jpg 768w, https:\/\/news.dream.press\/news\/wp-content\/uploads\/2025\/09\/Foosball-competition-in-Exhibit-Hall-1536x1255.jpg 1536w, https:\/\/news.dream.press\/news\/wp-content\/uploads\/2025\/09\/Foosball-competition-in-Exhibit-Hall-2048x1673.jpg 2048w, https:\/\/news.dream.press\/news\/wp-content\/uploads\/2025\/09\/Foosball-competition-in-Exhibit-Hall-96x78.jpg 96w, https:\/\/news.dream.press\/news\/wp-content\/uploads\/2025\/09\/Foosball-competition-in-Exhibit-Hall-192x157.jpg 192w, https:\/\/news.dream.press\/news\/wp-content\/uploads\/2025\/09\/Foosball-competition-in-Exhibit-Hall-682x557.jpg 682w, https:\/\/news.dream.press\/news\/wp-content\/uploads\/2025\/09\/Foosball-competition-in-Exhibit-Hall-1364x1114.jpg 1364w, https:\/\/news.dream.press\/news\/wp-content\/uploads\/2025\/09\/Foosball-competition-in-Exhibit-Hall-512x418.jpg 512w, https:\/\/news.dream.press\/news\/wp-content\/uploads\/2025\/09\/Foosball-competition-in-Exhibit-Hall-540x441.jpg 540w, https:\/\/news.dream.press\/news\/wp-content\/uploads\/2025\/09\/Foosball-competition-in-Exhibit-Hall-1080x882.jpg 1080w, https:\/\/news.dream.press\/news\/wp-content\/uploads\/2025\/09\/Foosball-competition-in-Exhibit-Hall-877x716.jpg 877w, https:\/\/news.dream.press\/news\/wp-content\/uploads\/2025\/09\/Foosball-competition-in-Exhibit-Hall-1754x1433.jpg 1754w, https:\/\/news.dream.press\/news\/wp-content\/uploads\/2025\/09\/Foosball-competition-in-Exhibit-Hall-784x640.jpg 784w, https:\/\/news.dream.press\/news\/wp-content\/uploads\/2025\/09\/Foosball-competition-in-Exhibit-Hall-1568x1281.jpg 1568w, https:\/\/news.dream.press\/news\/wp-content\/uploads\/2025\/09\/Foosball-competition-in-Exhibit-Hall-1598x1305.jpg 1598w, https:\/\/news.dream.press\/news\/wp-content\/uploads\/2025\/09\/Foosball-competition-in-Exhibit-Hall-460x376.jpg 460w, https:\/\/news.dream.press\/news\/wp-content\/uploads\/2025\/09\/Foosball-competition-in-Exhibit-Hall-920x751.jpg 920w\" sizes=\"auto, (max-width: 1024px) 100vw, 1024px\" \/><figcaption class=\"wp-element-caption\">Comp\u00e9tition amicale de baby-foot dans le Hall d&#8217;Exposition &#8211; WordCamp US 2025 &#8211; Centre de Conventions de l&#8217;Oregon<\/figcaption><\/figure>\n\n\n<h2 class=\"wp-block-heading\"><strong>Communaut\u00e9 &amp; Connexions<\/strong><\/h2>\n\n\n<p>Si les sessions ont fourni l&#8217;\u00e9tincelle, la communaut\u00e9 a apport\u00e9 la chaleur. <strong>Jonathan Wold<\/strong> de Guildenberg est sorti de la conf\u00e9rence de Tammie Lister sur la pens\u00e9e syst\u00e9mique avec plus de questions que de r\u00e9ponses, de la meilleure fa\u00e7on.&nbsp;<\/p>\n\n\n<p>\u00ab L&#8217;IA va vraiment amplifier ce que tu lui donnes, \u00bb a-t-il dit. \u00ab \u00c7a m&#8217;a fait r\u00e9fl\u00e9chir, comment puis-je m&#8217;assurer que je suis confiant dans les fondations, comme la robustesse des syst\u00e8mes que j&#8217;ai en place ? \u00bb<\/p>\n\n\n<p>Pour Wold, partager la semaine avec sa femme et son fils ajoutait une autre dimension de sens : \u00ab Notre plus jeune a neuf ans, et voir son enthousiasme pour les cadeaux et le <a href=\"https:\/\/wapu.us\/\">Wapuu<\/a>\u2026 c\u2019\u00e9tait un grand moment fort. \u00bb<\/p>\n\n\n<p>Le sentiment d&#8217;inclusion s&#8217;\u00e9tendait sur tout le lieu. Dumenjich l&#8217;a r\u00e9sum\u00e9 en un mot : <strong>\u00ab Accueillant. \u00bb<\/strong> C&#8217;\u00e9tait une description appropri\u00e9e de l&#8217;atmosph\u00e8re : accueillante, bienveillante et pleinement humaine.<\/p>\n\n\n<figure class=\"wp-block-image size-large\"><img loading=\"lazy\" decoding=\"async\" width=\"1024\" height=\"788\" src=\"https:\/\/www.dreamhost.com\/news\/wp-content\/uploads\/2025\/09\/Wapuu_Official-WordPress-mascot-1024x788.jpg\" alt=\"\" class=\"wp-image-14131\" srcset=\"https:\/\/news.dream.press\/news\/wp-content\/uploads\/2025\/09\/Wapuu_Official-WordPress-mascot-1024x788.jpg 1024w, https:\/\/news.dream.press\/news\/wp-content\/uploads\/2025\/09\/Wapuu_Official-WordPress-mascot-300x231.jpg 300w, https:\/\/news.dream.press\/news\/wp-content\/uploads\/2025\/09\/Wapuu_Official-WordPress-mascot-768x591.jpg 768w, https:\/\/news.dream.press\/news\/wp-content\/uploads\/2025\/09\/Wapuu_Official-WordPress-mascot-1536x1182.jpg 1536w, https:\/\/news.dream.press\/news\/wp-content\/uploads\/2025\/09\/Wapuu_Official-WordPress-mascot-2048x1577.jpg 2048w, https:\/\/news.dream.press\/news\/wp-content\/uploads\/2025\/09\/Wapuu_Official-WordPress-mascot-96x74.jpg 96w, https:\/\/news.dream.press\/news\/wp-content\/uploads\/2025\/09\/Wapuu_Official-WordPress-mascot-192x148.jpg 192w, https:\/\/news.dream.press\/news\/wp-content\/uploads\/2025\/09\/Wapuu_Official-WordPress-mascot-682x525.jpg 682w, https:\/\/news.dream.press\/news\/wp-content\/uploads\/2025\/09\/Wapuu_Official-WordPress-mascot-1364x1050.jpg 1364w, https:\/\/news.dream.press\/news\/wp-content\/uploads\/2025\/09\/Wapuu_Official-WordPress-mascot-512x394.jpg 512w, https:\/\/news.dream.press\/news\/wp-content\/uploads\/2025\/09\/Wapuu_Official-WordPress-mascot-540x416.jpg 540w, https:\/\/news.dream.press\/news\/wp-content\/uploads\/2025\/09\/Wapuu_Official-WordPress-mascot-1080x831.jpg 1080w, https:\/\/news.dream.press\/news\/wp-content\/uploads\/2025\/09\/Wapuu_Official-WordPress-mascot-877x675.jpg 877w, https:\/\/news.dream.press\/news\/wp-content\/uploads\/2025\/09\/Wapuu_Official-WordPress-mascot-1754x1350.jpg 1754w, https:\/\/news.dream.press\/news\/wp-content\/uploads\/2025\/09\/Wapuu_Official-WordPress-mascot-784x604.jpg 784w, https:\/\/news.dream.press\/news\/wp-content\/uploads\/2025\/09\/Wapuu_Official-WordPress-mascot-1568x1207.jpg 1568w, https:\/\/news.dream.press\/news\/wp-content\/uploads\/2025\/09\/Wapuu_Official-WordPress-mascot-1598x1230.jpg 1598w, https:\/\/news.dream.press\/news\/wp-content\/uploads\/2025\/09\/Wapuu_Official-WordPress-mascot-460x354.jpg 460w, https:\/\/news.dream.press\/news\/wp-content\/uploads\/2025\/09\/Wapuu_Official-WordPress-mascot-920x708.jpg 920w\" sizes=\"auto, (max-width: 1024px) 100vw, 1024px\" \/><figcaption class=\"wp-element-caption\">Wapuu, la mascotte ador\u00e9e de WordPress.<\/figcaption><\/figure>\n\n\n<figure class=\"wp-block-image size-large\"><img loading=\"lazy\" decoding=\"async\" width=\"1024\" height=\"764\" src=\"https:\/\/www.dreamhost.com\/news\/wp-content\/uploads\/2025\/09\/Fireside-Chat-in-Exhibit-Hall-1024x764.jpg\" alt=\"\" class=\"wp-image-14130\" srcset=\"https:\/\/news.dream.press\/news\/wp-content\/uploads\/2025\/09\/Fireside-Chat-in-Exhibit-Hall-1024x764.jpg 1024w, https:\/\/news.dream.press\/news\/wp-content\/uploads\/2025\/09\/Fireside-Chat-in-Exhibit-Hall-300x224.jpg 300w, https:\/\/news.dream.press\/news\/wp-content\/uploads\/2025\/09\/Fireside-Chat-in-Exhibit-Hall-768x573.jpg 768w, https:\/\/news.dream.press\/news\/wp-content\/uploads\/2025\/09\/Fireside-Chat-in-Exhibit-Hall-1536x1145.jpg 1536w, https:\/\/news.dream.press\/news\/wp-content\/uploads\/2025\/09\/Fireside-Chat-in-Exhibit-Hall-2048x1527.jpg 2048w, https:\/\/news.dream.press\/news\/wp-content\/uploads\/2025\/09\/Fireside-Chat-in-Exhibit-Hall-96x72.jpg 96w, https:\/\/news.dream.press\/news\/wp-content\/uploads\/2025\/09\/Fireside-Chat-in-Exhibit-Hall-192x143.jpg 192w, https:\/\/news.dream.press\/news\/wp-content\/uploads\/2025\/09\/Fireside-Chat-in-Exhibit-Hall-682x509.jpg 682w, https:\/\/news.dream.press\/news\/wp-content\/uploads\/2025\/09\/Fireside-Chat-in-Exhibit-Hall-1364x1017.jpg 1364w, https:\/\/news.dream.press\/news\/wp-content\/uploads\/2025\/09\/Fireside-Chat-in-Exhibit-Hall-512x382.jpg 512w, https:\/\/news.dream.press\/news\/wp-content\/uploads\/2025\/09\/Fireside-Chat-in-Exhibit-Hall-540x403.jpg 540w, https:\/\/news.dream.press\/news\/wp-content\/uploads\/2025\/09\/Fireside-Chat-in-Exhibit-Hall-1080x805.jpg 1080w, https:\/\/news.dream.press\/news\/wp-content\/uploads\/2025\/09\/Fireside-Chat-in-Exhibit-Hall-877x654.jpg 877w, https:\/\/news.dream.press\/news\/wp-content\/uploads\/2025\/09\/Fireside-Chat-in-Exhibit-Hall-1754x1308.jpg 1754w, https:\/\/news.dream.press\/news\/wp-content\/uploads\/2025\/09\/Fireside-Chat-in-Exhibit-Hall-784x585.jpg 784w, https:\/\/news.dream.press\/news\/wp-content\/uploads\/2025\/09\/Fireside-Chat-in-Exhibit-Hall-1568x1169.jpg 1568w, https:\/\/news.dream.press\/news\/wp-content\/uploads\/2025\/09\/Fireside-Chat-in-Exhibit-Hall-1598x1192.jpg 1598w, https:\/\/news.dream.press\/news\/wp-content\/uploads\/2025\/09\/Fireside-Chat-in-Exhibit-Hall-460x343.jpg 460w, https:\/\/news.dream.press\/news\/wp-content\/uploads\/2025\/09\/Fireside-Chat-in-Exhibit-Hall-920x686.jpg 920w\" sizes=\"auto, (max-width: 1024px) 100vw, 1024px\" \/><\/figure>\n\n\n<h2 class=\"wp-block-heading\"><strong>Discours De Cl\u00f4ture De Matt Mullenweg : Une Vision Pour L&#8217;Avenir<\/strong><\/h2>\n\n\n<p>La semaine s&#8217;est conclue par une conf\u00e9rence principale de <strong>Matt Mullenweg<\/strong>, co-fondateur de WordPress, qui a dress\u00e9 un tableau prospectif de la croissance commune de l&#8217;IA et de WordPress. Il a mis en avant des outils rendant les sites plus faciles \u00e0 construire, \u00e0 g\u00e9rer et \u00e0 acc\u00e9der, tout en soulignant que la force de WordPress provient de ses <em>personnes<\/em>, et pas seulement de son code.<\/p>\n\n\n<p>C&#8217;\u00e9tait \u00e0 la fois pratique et philosophique : un appel \u00e0 adopter l&#8217;IA comme assistant, et non comme remplacement, et un rappel que le Web Ouvert prosp\u00e8re lorsque la collaboration est au c\u0153ur de son fonctionnement.<\/p>\n\n\n<p>Alors que la conf\u00e9rence principale se terminait et que la f\u00eate de cl\u00f4ture commen\u00e7ait, le message \u00e9tait clair : WordCamp US 2025 est peut-\u00eatre termin\u00e9, mais l&#8217;\u00e9lan se poursuit.&nbsp;<\/p>\n\n\n<figure class=\"wp-block-image size-large\"><img loading=\"lazy\" decoding=\"async\" width=\"1024\" height=\"696\" src=\"https:\/\/www.dreamhost.com\/news\/wp-content\/uploads\/2025\/09\/Matt-Mullenweg-announces-Phoenix-for-WordCamp-US-2026-1024x696.png\" alt=\"\" class=\"wp-image-14132\" srcset=\"https:\/\/news.dream.press\/news\/wp-content\/uploads\/2025\/09\/Matt-Mullenweg-announces-Phoenix-for-WordCamp-US-2026-1024x696.png 1024w, https:\/\/news.dream.press\/news\/wp-content\/uploads\/2025\/09\/Matt-Mullenweg-announces-Phoenix-for-WordCamp-US-2026-300x204.png 300w, https:\/\/news.dream.press\/news\/wp-content\/uploads\/2025\/09\/Matt-Mullenweg-announces-Phoenix-for-WordCamp-US-2026-768x522.png 768w, https:\/\/news.dream.press\/news\/wp-content\/uploads\/2025\/09\/Matt-Mullenweg-announces-Phoenix-for-WordCamp-US-2026-96x65.png 96w, https:\/\/news.dream.press\/news\/wp-content\/uploads\/2025\/09\/Matt-Mullenweg-announces-Phoenix-for-WordCamp-US-2026-192x131.png 192w, https:\/\/news.dream.press\/news\/wp-content\/uploads\/2025\/09\/Matt-Mullenweg-announces-Phoenix-for-WordCamp-US-2026-682x464.png 682w, https:\/\/news.dream.press\/news\/wp-content\/uploads\/2025\/09\/Matt-Mullenweg-announces-Phoenix-for-WordCamp-US-2026-512x348.png 512w, https:\/\/news.dream.press\/news\/wp-content\/uploads\/2025\/09\/Matt-Mullenweg-announces-Phoenix-for-WordCamp-US-2026-540x367.png 540w, https:\/\/news.dream.press\/news\/wp-content\/uploads\/2025\/09\/Matt-Mullenweg-announces-Phoenix-for-WordCamp-US-2026-877x596.png 877w, https:\/\/news.dream.press\/news\/wp-content\/uploads\/2025\/09\/Matt-Mullenweg-announces-Phoenix-for-WordCamp-US-2026-784x533.png 784w, https:\/\/news.dream.press\/news\/wp-content\/uploads\/2025\/09\/Matt-Mullenweg-announces-Phoenix-for-WordCamp-US-2026-460x313.png 460w, https:\/\/news.dream.press\/news\/wp-content\/uploads\/2025\/09\/Matt-Mullenweg-announces-Phoenix-for-WordCamp-US-2026-920x626.png 920w, https:\/\/news.dream.press\/news\/wp-content\/uploads\/2025\/09\/Matt-Mullenweg-announces-Phoenix-for-WordCamp-US-2026.png 1072w\" sizes=\"auto, (max-width: 1024px) 100vw, 1024px\" \/><figcaption class=\"wp-element-caption\">Matt Mullenweg, co-fondateur de WordPress, annonce Phoenix comme le prochain lieu pour le WordCamp US lors de sa keynote de cl\u00f4ture.<\/figcaption><\/figure>\n\n\n<h2 class=\"wp-block-heading\"><strong>Reste Engag\u00e9 Dans La Communaut\u00e9 WordPress<\/strong><\/h2>\n\n\n<p>Alors que l&#8217;\u00e9v\u00e9nement se terminait par la traditionnelle f\u00eate de cl\u00f4ture au World Forestry Center, beaucoup d&#8217;entre nous sont partis avec des carnets remplis, de nouveaux amis et une d\u00e9termination revigor\u00e9e. O\u2019Grady a dit se sentir \u00ab inspir\u00e9e \u00bb et pr\u00eate \u00e0 repenser son site personnel, tandis que Gratch voyait l&#8217;avenir clairement, \u00ab Nous voyons de plus en plus de technologies s&#8217;\u00e9loigner du strictement propri\u00e9taire pour aller vers l\u2019open source\u2026 l&#8217;implication de la communaut\u00e9 est ce qui les distingue d&#8217;un syst\u00e8me ferm\u00e9. \u00bb<\/p>\n\n\n<p>La communaut\u00e9 ne s&#8217;arr\u00eate pas lorsque les badges sont rang\u00e9s dans une bo\u00eete \u00e0 souvenirs. Tu peux perp\u00e9tuer l&#8217;esprit WordCamp en :<\/p>\n\n\n<ul class=\"wp-block-list\">\n<li><strong>Rejoindre un <\/strong><a href=\"https:\/\/events.wordpress.org\/\"><strong>Meetup WordPress local<\/strong><br><\/a><\/li>\n\n\n\n<li><strong>Contribuer \u00e0 distance<\/strong> \u00e0 <a href=\"https:\/\/make.wordpress.org\/\">n&#8217;importe quelle \u00e9quipe WordPress<br><\/a><\/li>\n\n\n\n<li><strong>Rester connect\u00e9<\/strong> avec les personnes incroyables que tu as rencontr\u00e9es au WordCamp US 2025<\/li>\n\n\n<\/ul>\n\n\n<p>Alors que nous disons au revoir \u00e0 Portland, une chose est claire : le Web Ouvert est vivant, en \u00e9volution et plus accueillant que jamais. Jusqu&#8217;\u00e0 la prochaine fois\u2014\u00e0 bient\u00f4t au prochain <strong>WordCamp US \u00e0 Phoenix !&nbsp;<\/strong><\/p>\n","protected":false},"excerpt":{"rendered":"<p>Le dernier jour du WordCamp US 2025 \u00e0 Portland a \u00e9t\u00e9 marqu\u00e9 par des c\u00e9l\u00e9brations, des personnes et des id\u00e9es. Apr\u00e8s des jours d&#8217;apprentissage, de contribution et de Networking, le quatri\u00e8me jour semblait moins \u00eatre une conclusion qu&#8217;un envoi vers l&#8217;avenir de WordPress et une c\u00e9l\u00e9bration continue du Web ouvert. Sessions, Expo Insights et Journ\u00e9e de l&#8217;Innovation Pratique [\u2026]<\/p>\n","protected":false},"author":35,"featured_media":14135,"menu_order":0,"template":"","meta":{"_acf_changed":false,"_yoast_wpseo_metadesc":"","footnotes":""},"class_list":["post-14437","announcement","type-announcement","status-publish","has-post-thumbnail","hentry"],"acf":[],"yoast_head":"<!-- This site is optimized with the Yoast SEO plugin v27.3 - https:\/\/yoast.com\/product\/yoast-seo-wordpress\/ -->\n<title>WordCamp US 2025 Jour 4 : Aper\u00e7us de l&#039;IA et un Adieu Chaleureux - DreamHost<\/title>\n<meta name=\"robots\" content=\"index, follow, max-snippet:-1, max-image-preview:large, max-video-preview:-1\" \/>\n<link rel=\"canonical\" href=\"https:\/\/news.dream.press\/news\/fr\/announcements-fr\/wordcamp-us-2025-jour-4-apercus-de-lia-et-un-adieu-chaleureux-fr\/\" \/>\n<meta property=\"og:locale\" content=\"en_US\" \/>\n<meta property=\"og:type\" content=\"article\" \/>\n<meta property=\"og:title\" content=\"WordCamp US 2025 Jour 4 : Aper\u00e7us de l&#039;IA et un Adieu Chaleureux - DreamHost\" \/>\n<meta property=\"og:description\" content=\"Le dernier jour du WordCamp US 2025 \u00e0 Portland a \u00e9t\u00e9 marqu\u00e9 par des c\u00e9l\u00e9brations, des personnes et des id\u00e9es. Apr\u00e8s des jours d&#039;apprentissage, de contribution et de Networking, le quatri\u00e8me jour semblait moins \u00eatre une conclusion qu&#039;un envoi vers l&#039;avenir de WordPress et une c\u00e9l\u00e9bration continue du Web ouvert. Sessions, Expo Insights et Journ\u00e9e de l&#039;Innovation Pratique [\u2026]\" \/>\n<meta property=\"og:url\" content=\"https:\/\/www.dreamhost.com\/news\/fr\/announcements-fr\/wordcamp-us-2025-jour-4-apercus-de-lia-et-un-adieu-chaleureux-fr\/\" \/>\n<meta property=\"og:site_name\" content=\"DreamHost\" \/>\n<meta property=\"article:publisher\" content=\"https:\/\/www.facebook.com\/DreamHost\/\" \/>\n<meta property=\"article:modified_time\" content=\"2025-10-10T20:03:50+00:00\" \/>\n<meta property=\"og:image\" content=\"https:\/\/www.dreamhost.com\/news\/wp-content\/uploads\/2025\/09\/Matt-Mullenweg-closing-keynote-scaled.jpg\" \/>\n\t<meta property=\"og:image:width\" content=\"2560\" \/>\n\t<meta property=\"og:image:height\" content=\"1928\" \/>\n\t<meta property=\"og:image:type\" content=\"image\/jpeg\" \/>\n<meta name=\"twitter:card\" content=\"summary_large_image\" \/>\n<meta name=\"twitter:site\" content=\"@dreamhost\" \/>\n<meta name=\"twitter:label1\" content=\"Est. reading time\" \/>\n\t<meta name=\"twitter:data1\" content=\"5 minutes\" \/>\n<!-- \/ Yoast SEO plugin. -->","yoast_head_json":{"title":"WordCamp US 2025 Jour 4 : Aper\u00e7us de l'IA et un Adieu Chaleureux - DreamHost","robots":{"index":"index","follow":"follow","max-snippet":"max-snippet:-1","max-image-preview":"max-image-preview:large","max-video-preview":"max-video-preview:-1"},"canonical":"https:\/\/news.dream.press\/news\/fr\/announcements-fr\/wordcamp-us-2025-jour-4-apercus-de-lia-et-un-adieu-chaleureux-fr\/","og_locale":"en_US","og_type":"article","og_title":"WordCamp US 2025 Jour 4 : Aper\u00e7us de l'IA et un Adieu Chaleureux - DreamHost","og_description":"Le dernier jour du WordCamp US 2025 \u00e0 Portland a \u00e9t\u00e9 marqu\u00e9 par des c\u00e9l\u00e9brations, des personnes et des id\u00e9es. Apr\u00e8s des jours d'apprentissage, de contribution et de Networking, le quatri\u00e8me jour semblait moins \u00eatre une conclusion qu'un envoi vers l'avenir de WordPress et une c\u00e9l\u00e9bration continue du Web ouvert. Sessions, Expo Insights et Journ\u00e9e de l'Innovation Pratique [\u2026]","og_url":"https:\/\/www.dreamhost.com\/news\/fr\/announcements-fr\/wordcamp-us-2025-jour-4-apercus-de-lia-et-un-adieu-chaleureux-fr\/","og_site_name":"DreamHost","article_publisher":"https:\/\/www.facebook.com\/DreamHost\/","article_modified_time":"2025-10-10T20:03:50+00:00","og_image":[{"width":2560,"height":1928,"url":"https:\/\/www.dreamhost.com\/news\/wp-content\/uploads\/2025\/09\/Matt-Mullenweg-closing-keynote-scaled.jpg","type":"image\/jpeg"}],"twitter_card":"summary_large_image","twitter_site":"@dreamhost","twitter_misc":{"Est. reading time":"5 minutes"},"schema":{"@context":"https:\/\/schema.org","@graph":[{"@type":"Article","@id":"https:\/\/news.dream.press\/news\/fr\/announcements-fr\/wordcamp-us-2025-jour-4-apercus-de-lia-et-un-adieu-chaleureux-fr\/#article","isPartOf":{"@id":"https:\/\/news.dream.press\/news\/fr\/announcements-fr\/wordcamp-us-2025-jour-4-apercus-de-lia-et-un-adieu-chaleureux-fr\/"},"author":{"name":"Annette Irwin","@id":"https:\/\/news.dream.press\/news\/#\/schema\/person\/6c421e9cde996bf3ed388cc1cf397ba4"},"headline":"WordCamp US 2025 Jour 4 : Aper\u00e7us de l&#8217;IA et un Adieu Chaleureux","datePublished":"2025-09-04T19:33:03+00:00","dateModified":"2025-10-10T20:03:50+00:00","mainEntityOfPage":{"@id":"https:\/\/news.dream.press\/news\/fr\/announcements-fr\/wordcamp-us-2025-jour-4-apercus-de-lia-et-un-adieu-chaleureux-fr\/"},"wordCount":892,"publisher":{"@id":"https:\/\/news.dream.press\/news\/#organization"},"image":{"@id":"https:\/\/news.dream.press\/news\/fr\/announcements-fr\/wordcamp-us-2025-jour-4-apercus-de-lia-et-un-adieu-chaleureux-fr\/#primaryimage"},"thumbnailUrl":"https:\/\/news.dream.press\/news\/wp-content\/uploads\/2025\/09\/Matt-Mullenweg-closing-keynote-scaled.jpg","inLanguage":"en-US"},{"@type":"WebPage","@id":"https:\/\/news.dream.press\/news\/fr\/announcements-fr\/wordcamp-us-2025-jour-4-apercus-de-lia-et-un-adieu-chaleureux-fr\/","url":"https:\/\/news.dream.press\/news\/fr\/announcements-fr\/wordcamp-us-2025-jour-4-apercus-de-lia-et-un-adieu-chaleureux-fr\/","name":"WordCamp US 2025 Jour 4 : Aper\u00e7us de l'IA et un Adieu Chaleureux - DreamHost","isPartOf":{"@id":"https:\/\/news.dream.press\/news\/#website"},"primaryImageOfPage":{"@id":"https:\/\/news.dream.press\/news\/fr\/announcements-fr\/wordcamp-us-2025-jour-4-apercus-de-lia-et-un-adieu-chaleureux-fr\/#primaryimage"},"image":{"@id":"https:\/\/news.dream.press\/news\/fr\/announcements-fr\/wordcamp-us-2025-jour-4-apercus-de-lia-et-un-adieu-chaleureux-fr\/#primaryimage"},"thumbnailUrl":"https:\/\/news.dream.press\/news\/wp-content\/uploads\/2025\/09\/Matt-Mullenweg-closing-keynote-scaled.jpg","datePublished":"2025-09-04T19:33:03+00:00","dateModified":"2025-10-10T20:03:50+00:00","breadcrumb":{"@id":"https:\/\/news.dream.press\/news\/fr\/announcements-fr\/wordcamp-us-2025-jour-4-apercus-de-lia-et-un-adieu-chaleureux-fr\/#breadcrumb"},"inLanguage":"en-US","potentialAction":[{"@type":"ReadAction","target":["https:\/\/news.dream.press\/news\/fr\/announcements-fr\/wordcamp-us-2025-jour-4-apercus-de-lia-et-un-adieu-chaleureux-fr\/"]}]},{"@type":"ImageObject","inLanguage":"en-US","@id":"https:\/\/news.dream.press\/news\/fr\/announcements-fr\/wordcamp-us-2025-jour-4-apercus-de-lia-et-un-adieu-chaleureux-fr\/#primaryimage","url":"https:\/\/news.dream.press\/news\/wp-content\/uploads\/2025\/09\/Matt-Mullenweg-closing-keynote-scaled.jpg","contentUrl":"https:\/\/news.dream.press\/news\/wp-content\/uploads\/2025\/09\/Matt-Mullenweg-closing-keynote-scaled.jpg","width":2560,"height":1928},{"@type":"BreadcrumbList","@id":"https:\/\/news.dream.press\/news\/fr\/announcements-fr\/wordcamp-us-2025-jour-4-apercus-de-lia-et-un-adieu-chaleureux-fr\/#breadcrumb","itemListElement":[{"@type":"ListItem","position":1,"name":"Home","item":"https:\/\/www.dreamhost.com\/news\/"},{"@type":"ListItem","position":2,"name":"Announcements","item":"https:\/\/www.dreamhost.com\/news\/announcements\/"},{"@type":"ListItem","position":3,"name":"WordCamp US 2025 Jour 4 : Aper\u00e7us de l&#8217;IA et un Adieu Chaleureux"}]},{"@type":"WebSite","@id":"https:\/\/news.dream.press\/news\/#website","url":"https:\/\/news.dream.press\/news\/","name":"DreamHost News","description":"Product announcements, events, and more.","publisher":{"@id":"https:\/\/news.dream.press\/news\/#organization"},"potentialAction":[{"@type":"SearchAction","target":{"@type":"EntryPoint","urlTemplate":"https:\/\/news.dream.press\/news\/?s={search_term_string}"},"query-input":{"@type":"PropertyValueSpecification","valueRequired":true,"valueName":"search_term_string"}}],"inLanguage":"en-US"},{"@type":"Organization","@id":"https:\/\/news.dream.press\/news\/#organization","name":"DreamHost","url":"https:\/\/news.dream.press\/news\/","logo":{"@type":"ImageObject","inLanguage":"en-US","@id":"https:\/\/news.dream.press\/news\/#\/schema\/logo\/image\/","url":"https:\/\/www.dreamhost.com\/news\/wp-content\/uploads\/2023\/03\/dreamhost-events.png","contentUrl":"https:\/\/www.dreamhost.com\/news\/wp-content\/uploads\/2023\/03\/dreamhost-events.png","width":1598,"height":921,"caption":"DreamHost"},"image":{"@id":"https:\/\/news.dream.press\/news\/#\/schema\/logo\/image\/"},"sameAs":["https:\/\/www.facebook.com\/DreamHost\/","https:\/\/x.com\/dreamhost"]},{"@type":"Person","@id":"https:\/\/news.dream.press\/news\/#\/schema\/person\/6c421e9cde996bf3ed388cc1cf397ba4","name":"Annette Irwin","image":{"@type":"ImageObject","inLanguage":"en-US","@id":"https:\/\/secure.gravatar.com\/avatar\/bded6b0010ba90c5fa29aa5ece5b06f7f19eda9a6f4d37dd0dfd46afddf8391a?s=96&d=mm&r=g","url":"https:\/\/secure.gravatar.com\/avatar\/bded6b0010ba90c5fa29aa5ece5b06f7f19eda9a6f4d37dd0dfd46afddf8391a?s=96&d=mm&r=g","contentUrl":"https:\/\/secure.gravatar.com\/avatar\/bded6b0010ba90c5fa29aa5ece5b06f7f19eda9a6f4d37dd0dfd46afddf8391a?s=96&d=mm&r=g","caption":"Annette Irwin"},"description":"Annette Irwin is the Communications Lead at DreamHost, where she juggles storytelling, strategy, PR, and the occasional spreadsheet. A former sports producer and lifelong sports nerd, she now channels that competitive energy into crafting copy for DreamHost. She\u2019s passionate about writing with humor, clarity, and just the right amount of sarcasm\u2014because why be boring? When she\u2019s not in comms mode or policing grammar, she\u2019s mainlining coffee, devouring books, watching sports, or navigating the chaos of life with her favorite people\u2014and one extremely opinionated cat.","url":"https:\/\/news.dream.press\/news\/author\/annetteirwin\/"}]}},"lang":"fr","translations":{"fr":14437,"ru":14378,"en":14126,"uk":14379,"de":14407,"es":14409,"nl":14418,"pt":14441,"pl":14445,"it":14466},"pll_sync_post":[],"_links":{"self":[{"href":"https:\/\/news.dream.press\/news\/wp-json\/wp\/v2\/announcements\/14437","targetHints":{"allow":["GET"]}}],"collection":[{"href":"https:\/\/news.dream.press\/news\/wp-json\/wp\/v2\/announcements"}],"about":[{"href":"https:\/\/news.dream.press\/news\/wp-json\/wp\/v2\/types\/announcement"}],"author":[{"embeddable":true,"href":"https:\/\/news.dream.press\/news\/wp-json\/wp\/v2\/users\/35"}],"version-history":[{"count":1,"href":"https:\/\/news.dream.press\/news\/wp-json\/wp\/v2\/announcements\/14437\/revisions"}],"predecessor-version":[{"id":14554,"href":"https:\/\/news.dream.press\/news\/wp-json\/wp\/v2\/announcements\/14437\/revisions\/14554"}],"wp:featuredmedia":[{"embeddable":true,"href":"https:\/\/news.dream.press\/news\/wp-json\/wp\/v2\/media\/14135"}],"wp:attachment":[{"href":"https:\/\/news.dream.press\/news\/wp-json\/wp\/v2\/media?parent=14437"}],"curies":[{"name":"wp","href":"https:\/\/api.w.org\/{rel}","templated":true}]}}